{"version":"1.0","provider_name":"Csak az\u00e9rt is t\u00fal\u00e9lem! - az \u00e9letem","provider_url":"https:\/\/lelekbarangolas.cafeblog.hu","author_name":"Joyo","author_url":"https:\/\/lelekbarangolas.cafeblog.hu\/author\/Joyo-2-2-2-2\/","title":"Egy \u00faj \u00e9let kapuj\u00e1ban","html":"<meta http-equiv=\"Content-Type\" content=\"text\/html; charset=utf-8\"><meta name=\"ProgId\" content=\"Word.Document\"><meta name=\"Generator\" content=\"Microsoft Word 11\"><meta name=\"Originator\" content=\"Microsoft Word 11\"><link rel=\"File-List\" href=\"file:\/\/\/C:%5CUsers%5CFELHAS%7E1%5CAppData%5CLocal%5CTemp%5Cmsohtml1%5C01%5Cclip_filelist.xml\"><!--[if gte mso 9]><xml>\n <w:WordDocument>\n  <w:View>Normal<\/w:View>\n  <w:Zoom>0<\/w:Zoom>\n  <w:HyphenationZone>21<\/w:HyphenationZone>\n  <w:PunctuationKerning\/>\n  <w:ValidateAgainstSchemas\/>\n  <w:SaveIfXMLInvalid>false<\/w:SaveIfXMLInvalid>\n  <w:IgnoreMixedContent>false<\/w:IgnoreMixedContent>\n  <w:AlwaysShowPlaceholderText>false<\/w:AlwaysShowPlaceholderText>\n  <w:Compatibility>\n   <w:BreakWrappedTables\/>\n   <w:SnapToGridInCell\/>\n   <w:WrapTextWithPunct\/>\n   <w:UseAsianBreakRules\/>\n   <w:DontGrowAutofit\/>\n  <\/w:Compatibility>\n  <w:BrowserLevel>MicrosoftInternetExplorer4<\/w:BrowserLevel>\n <\/w:WordDocument>\n<\/xml><![endif]--><!--[if gte mso 9]><xml>\n <w:LatentStyles DefLockedState=\"false\" LatentStyleCount=\"156\">\n <\/w:LatentStyles>\n<\/xml><![endif]--><style>\n<!--\n \/* Font Definitions *\/\n @font-face\n\t{font-family:\"Calligraph421 BT\";\n\tmso-font-alt:Mistral;\n\tmso-font-charset:0;\n\tmso-generic-font-family:script;\n\tmso-font-pitch:variable;\n\tmso-font-signature:135 0 0 0 27 0;}\n@font-face\n\t{font-family:Algerian;\n\tpanose-1:4 2 7 5 4 10 2 6 7 2;\n\tmso-font-charset:0;\n\tmso-generic-font-family:decorative;\n\tmso-font-pitch:variable;\n\tmso-font-signature:3 0 0 0 1 0;}\n \/* Style Definitions *\/\n p.MsoNormal, li.MsoNormal, div.MsoNormal\n\t{mso-style-parent:\"\";\n\tmargin:0cm;\n\tmargin-bottom:.0001pt;\n\tmso-pagination:widow-orphan;\n\tfont-size:12.0pt;\n\tfont-family:\"Times New Roman\";\n\tmso-fareast-font-family:\"Times New Roman\";}\np\n\t{mso-margin-top-alt:auto;\n\tmargin-right:0cm;\n\tmso-margin-bottom-alt:auto;\n\tmargin-left:0cm;\n\tmso-pagination:widow-orphan;\n\tfont-size:12.0pt;\n\tfont-family:\"Times New Roman\";\n\tmso-fareast-font-family:\"Times New Roman\";}\n@page Section1\n\t{size:612.0pt 792.0pt;\n\tmargin:70.85pt 70.85pt 70.85pt 70.85pt;\n\tmso-header-margin:35.4pt;\n\tmso-footer-margin:35.4pt;\n\tmso-paper-source:0;}\ndiv.Section1\n\t{page:Section1;}\n-->\n<\/style><!--[if gte mso 10]>\n<style>\n \/* Style Definitions *\/\n table.MsoNormalTable\n\t{mso-style-name:\"Norm\u00e1l t\u00e1bl\u00e1zat\";\n\tmso-tstyle-rowband-size:0;\n\tmso-tstyle-colband-size:0;\n\tmso-style-noshow:yes;\n\tmso-style-parent:\"\";\n\tmso-padding-alt:0cm 5.4pt 0cm 5.4pt;\n\tmso-para-margin:0cm;\n\tmso-para-margin-bottom:.0001pt;\n\tmso-pagination:widow-orphan;\n\tfont-size:10.0pt;\n\tfont-family:\"Times New Roman\";\n\tmso-ansi-language:#0400;\n\tmso-fareast-language:#0400;\n\tmso-bidi-language:#0400;}\n<\/style>\n<![endif]-->\n\n\n\n<p><b style=\"\"><i style=\"\"><span style=\"font-size: 18pt; font-family: &quot;Calligraph421 BT&quot;;\">XIV;<o:p><\/o:p><\/span><\/i><\/b><\/p>\n\n<p><span style=\"font-size: 11pt;\">M\u00e1r febru\u00e1r k\u00f6zepe fel\u00e9 j\u00e1rtunk. A t\u00e9l nem\nakart visszavonulni, sem az orsz\u00e1gb\u00f3l, sem <\/span><img style=\"width: 132px; height: 176px;\" src=\"https:\/\/lelekbarangolas.cafeblog.hu\/files\/tUUndUorek\/fythorn.jpg\" class=\"blogkep\" align=\"left\"><span style=\"font-size: 11pt;\">pedig a lelkemb\u0151l. Nem sokat\nbesz\u00e9ltem a Bal\u00e1zzsal t\u00f6rt\u00e9nt esetr\u0151l. Nono sem hozta t\u00f6bbet sz\u00f3ba, azon az egy\nalkalmon k\u00edv\u00fcl, mikor a szid\u00e1sa ut\u00e1ni napon tal\u00e1lkoztunk az iskol\u00e1ban. Le\u00fclt\nmell\u00e9m, elkezdte el\u0151szedegetni h\u00e1tizs\u00e1kj\u00e1b\u00f3l a magyar \u00f3ra kell\u00e9keit, majd\nfak\u00e9ppel r\u00e1m n\u00e9zett.<o:p><\/o:p><\/span><\/p>\n\n<p><span style=\"font-size: 11pt;\">-\u00cdrtam Bal\u00e1zsnak SMS-t. Bocs, de meg kellett\nk\u00e9rdeznem t\u0151le is. Term\u00e9szetesen nemmel felelt, valamint megk\u00e9rdezte, hogy \u00e9n\nm\u00e9gis ki a fene vagyok. <o:p><\/o:p><\/span><\/p>\n\n<p><span style=\"font-size: 11pt;\">-\u00c9s, v\u00e1laszolt\u00e1l neki? - k\u00e9rdeztem.<o:p><\/o:p><\/span><\/p>\n\n<p><span style=\"font-size: 11pt;\">-Nem. Nekem ennyi el\u00e9g volt.<o:p><\/o:p><\/span><\/p>\n\n<p><span style=\"font-size: 11pt;\">-Tudtam, hogy nemet mondott \u2013 feleltem. \u2013 De\nmindegy is \u2013 legyintettem. A hangulatom el\u00e9g gy\u00e1szos volt, de ink\u00e1bb csak a\nbelet\u00f6r\u0151d\u00e9st\u0151l. A bar\u00e1tn\u0151m nyomoz ut\u00e1nam, nem hisz nekem. A m\u00e1sik f\u00e9lnek, akit\nam\u00fagy is gy\u0171l\u00f6lt, el\u0151bb szav\u00e1t hitte. K\u00fcl\u00f6n\u00f6s \u00e9rz\u00e9s volt. Vajon mi\u00e9rt nem hitt nekem?\nMi\u00e9rt nem akarta elhinni? Egy\u00e1ltal\u00e1n, mi\u00e9rt hazudtam volna err\u0151l a dologr\u00f3l? Ha\nvalaki, \u0151 biztosan tudhatta, hogy \u00e9rzelmekben, \u00e9s ami a szexet illette, sosem\nhazudtam, de nem is t\u00faloztam m\u00e9g soha. <o:p><\/o:p><\/span><\/p>\n\n<p><span style=\"font-size: 11pt;\">A sr\u00e1c, aki \u00e1tbillentett a n\u0151v\u00e9 v\u00e1l\u00e1s k\u00fcsz\u00f6b\u00e9n,\npedig elfordult t\u0151lem. Egy h\u00e9tig sz\u00edn\u00e9t sem l\u00e1ttam MSN-en. \u00dagy gondoltam, tal\u00e1n\nv\u00e9gleg megharagudott r\u00e1m, \u00e9n, pedig ennyi negat\u00edvummal magam k\u00f6r\u00fcl, pocs\u00e9k,\nszar alaknak \u00e9reztem magam.<o:p><\/o:p><\/span><\/p>\n\n<p><span style=\"font-size: 11pt;\">-Szombaton r\u00e1\u00e9rsz? \u2013 k\u00e9rdezte v\u00e9g\u00fcl Nono.<o:p><\/o:p><\/span><\/p>\n\n<p><span style=\"font-size: 11pt;\">-Nem. Szombaton ny\u00edlt napra megy\u00fcnk\nSz\u00e9kesfeh\u00e9rv\u00e1rra. Megn\u00e9zz\u00fck a f\u0151iskol\u00e1t, ahov\u00e1 be szeretn\u00e9m adni a\njelentkez\u00e9semet.<o:p><\/o:p><\/span><\/p>\n\n<p><span style=\"font-size: 11pt;\">-Akkor v\u00e9gleg d\u00f6nt\u00e9sre jutott\u00e1l, tov\u00e1bb\nszeretn\u00e9l tanulni?<o:p><\/o:p><\/span><\/p>\n\n<p><span style=\"font-size: 11pt;\">-Igen. Tal\u00e1n akkor v\u00e9gre azt tehetem, amit\nszeretek. \u00cdrhatok, besz\u00e9lhetek. De ink\u00e1bb csak \u00edrni van kedvem. <o:p><\/o:p><\/span><\/p>\n\n<p><span style=\"font-size: 11pt;\">-Na igen. Az \u00fajs\u00e1g\u00edr\u00e1s \u2013 mosolygott Nono, de\n\u00fagy \u00e9reztem, hogy bujk\u00e1l a tekintet\u00e9ben n\u00e9mi szomor\u00fas\u00e1g. Igen, tudtam. Bennem\nis. Hi\u00e1ba, elmegyek tov\u00e1bb tanulni egy m\u00e1sik v\u00e1rosba. K\u00e9t helyre is be\nszerettem volna adni a jelentkez\u00e9semet. Az egyik a BDF volt, mely ott volt\nt\u0151l\u00fcnk egy k\u00f6p\u00e9sre, Szombathelyen, r\u00e1ad\u00e1sul ismer\u0151s\u00f6m is lett volna, S\u00f6t\u00e9t Angyal\nszem\u00e9ly\u00e9ben. Ezzel egy f\u00fcst alatt elint\u00e9ztem volna az alb\u00e9rlet k\u00e9rd\u00e9s\u00e9t is.\nN\u00e1luk elf\u00e9rtem volna. Akkor \u00fagy \u00e9reztem, hogy Szombathely lett volna a legjobb\nv\u00e1laszt\u00e1s. Csup\u00e1n hetven kilom\u00e9terre volt a sz\u00fcl\u0151v\u00e1rosomt\u00f3l, m\u00edg\nSz\u00e9kesfeh\u00e9rv\u00e1rt, akkor \u00fagy t\u0171nt, egy vil\u00e1g v\u00e1lasztja el t\u0151lem. <o:p><\/o:p><\/span><\/p>\n\n<p><span style=\"font-size: 11pt;\">-Csup\u00e1n az a gond, hogy szak p\u00e1rban lehet\nfelvenni a kommunik\u00e1ci\u00f3t. Ez m\u00e9g nem tudom pontosan mit jelent. De \u00fagy t\u0171nik,\nhogy v\u00e1lasztanom kell mell\u00e9 egy m\u00e1sik szakot is. Ergo, egy m\u00e1sik szakm\u00e1t. Nem\ntudom, mi legyen. Lehet angollal, t\u00f6rt\u00e9nelemmel, irodalommal, k\u00f6zgazdas\u00e1gtannal\n\u00e9s m\u0171vel\u0151d\u00e9sszervez\u00e9ssel p\u00e1ros\u00edtani. Igazs\u00e1g szerint egyik sem \u00e1ll t\u00fal k\u00f6zel\nhozz\u00e1m. <o:p><\/o:p><\/span><\/p>\n\n<p><span style=\"font-size: 11pt;\">-Ez a m\u0171vel\u0151d\u00e9sszervez\u00e9s eg\u00e9sz j\u00f3l hangzik \u2013\nmondta bar\u00e1tn\u0151m. <o:p><\/o:p><\/span><\/p>\n\n<p><span style=\"font-size: 11pt;\">-Igen, tal\u00e1n m\u00e9g ez a legvonz\u00f3bb \u2013 vontam\nv\u00e1llat. \u2013 Majd a ny\u00edlt napon mindent elmondanak. \u00c9s, ha vas\u00e1rnap tal\u00e1lkozn\u00e1nk?<o:p><\/o:p><\/span><\/p>\n\n<p><span style=\"font-size: 11pt;\">-\u00c1h, sajnos nem j\u00f3. Tudod, bolhapiac, ut\u00e1na,\npedig meg\u00edg\u00e9rtem a n\u0151v\u00e9remnek, hogy seg\u00edtek neki a v\u00e1s\u00e1rl\u00e1sn\u00e1l. A kicsinek\nvesznek \u00faj ruh\u00e1kat. \u00dagy n\u0151, mint a gomba \u2013 r\u00e1zta a fej\u00e9t Nono.<o:p><\/o:p><\/span><\/p>\n\n<p><span style=\"font-size: 11pt;\">-Na mindegy, akkor majd a h\u00e9ten \u00f6sszehozzuk \u2013\nnevettem m\u00e1r \u00e9n is. \u00d6r\u00fcltem, hogy elterelt\u00fck a t\u00e9m\u00e1t err\u0151l a \u201e<i style=\"\">hazudok-e, vagy sem arr\u00f3l, hogy lefek\u00fcdtem-e\nBal\u00e1zzsal<\/i>\u201d dologr\u00f3l. Jobb volt a b\u00e9kess\u00e9g. M\u00e9g, ha csak felsz\u00ednesen is. A\nlelkem m\u00e9g kavargott!<o:p><\/o:p><\/span><\/p>\n\n<p style=\"text-align: center;\" align=\"center\"><span style=\"font-size: 11pt;\">*****<o:p><\/o:p><\/span><\/p>\n\n<p><span style=\"font-size: 11pt;\">Szombaton hajnalok-hajnal\u00e1n, kellet\nindulnunk, ugyanis a ny\u00edlt napi el\u0151ad\u00e1s d\u00e9lel\u0151tt t\u00edz \u00f3rakor kezd\u0151d\u00f6tt, a\nSzabads\u00e1gharcos \u00fatja 58-as sz\u00e1m alatti YBL \u00e9p\u00fcletben, ami akkor m\u00e9g sokat nem\nmondott egyik\u00fcnknek sem. Azonban m\u00e9g soha azel\u0151tt nem j\u00e1rtunk a kir\u00e1lyok\nv\u00e1ros\u00e1ban, \u00e9s f\u00e9l\u0151 volt, hogy a nagy keverg\u00e9sben nem \u00e9r\u00fcnk oda id\u0151ben. \u00c9n\nb\u00f3biskoltam a h\u00e1ts\u00f3 \u00fcl\u00e9sen, fejemet az \u00fcvegnek t\u00e1masztva, ap\u00e1m vezetett, any\u00e1m,\npedig a t\u00e9rk\u00e9pet fogva navig\u00e1lta. Ebben a kombin\u00e1ci\u00f3ban biztosra vettem, hogy\np\u00e1rszor el fogunk t\u00e9vedni. \u00c9desany\u00e1m, mint a legt\u00f6bb n\u0151, sosem volt j\u00f3 a\nt\u00e9rk\u00e9polvas\u00e1sban. Min\u00e9l k\u00f6zelebb \u00e9rt\u00fcnk a v\u00e1roshoz, ann\u00e1l fesz\u00fcltebb lett a\nhangulat. K\u00e9tszer sikeresen elkeveredt\u00fcnk, lehet, hogy egyszer\u0171bb lett volna az\naut\u00f3p\u00e1ly\u00e1n haladni. Vagy, ha \u00e9n n\u00e9zem a t\u00e9rk\u00e9pet, de reggel m\u00e9g, valahol az\nam\u0151ba \u00e9s a csal\u00e1noz\u00f3k k\u00f6z\u00f6tti evol\u00faci\u00f3s fejl\u0151d\u00e9si szakaszban mozogtam. Eg\u00e9szen\naz els\u0151 te\u00e1mig, amit egy benzink\u00faton siker\u00fclt elfogyasztani, valahol az isten\nh\u00e1ta m\u00f6g\u00f6tt, \u00edgy a mell\u00e9khelyis\u00e9g l\u00e1tt\u00e1n el\u00e9gg\u00e9 bizalmatlanul m\u00e9regettem azt a\nbizonyos te\u00e1s poharat. Nem vettem volna r\u00e1 m\u00e9rget, hogy steril! Minden esetre a\nte\u00e1nak h\u00edvott folyad\u00e9k legur\u00edt\u00e1sa ut\u00e1n m\u00e1r kezdtem \u00e9rtelmesen kommunik\u00e1lni,\nsz\u00e9p magyar, \u00f6sszetett mondatokban, mindennem\u0171 morrant\u00e1s, kr\u00e1kog\u00e1s \u00e9s ny\u00fcsz\u00edt\u00e9s\nhelyett. <o:p><\/o:p><\/span><\/p>\n\n<p><span style=\"font-size: 11pt;\">Akkor kezdt\u00fcnk fell\u00e9legezni, mikor a\nv\u00e1rpalotai ideg\u0151rl\u0151 araszolgat\u00e1s ut\u00e1n nem sokkal egy t\u00e1bla k\u00f6sz\u00f6nt\u00f6tt minket,\nmiszerint:<o:p><\/o:p><\/span><\/p>\n\n<p style=\"text-align: center;\" align=\"center\"><b style=\"\"><span style=\"font-size: 11pt; font-family: Algerian;\">\u00dcdv\u00f6z\u00f6lj\u00fck a kir\u00e1lyok v\u00e1ros\u00e1ban!<o:p><\/o:p><\/span><\/b><\/p>\n\n<p><span style=\"font-size: 11pt;\">A testemben felt\u00f6r\u0151 adrenalin azonnal\nfel\u00e9bresztett, s felfokozott \u00e1llapotomban \u00fagy pislogtam k\u00f6rbe-k\u00f6rbe, ak\u00e1r egy\nbagoly. Szemeim falt\u00e1k az \u00faj l\u00e1tv\u00e1nyt, b\u00e1r Sz\u00e9kesfeh\u00e9rv\u00e1r sem sokban\nk\u00fcl\u00f6nb\u00f6z\u00f6tt m\u00e1s v\u00e1rosokt\u00f3l. Valahogy m\u00e9g is j\u00f3 \u00e9rz\u00e9ssel t\u00f6lt\u00f6tt el, ahogy egyre\njobban mag\u00e1ba nyelt minket. <o:p><\/o:p><\/span><\/p>\n\n<p><span style=\"font-size: 11pt;\">-Hol is van az a pap\u00edr, amit a netr\u0151l\nnyomtattunk ki, - \u00e9rdekl\u0151d\u00f6tt ap\u00e1m.<o:p><\/o:p><\/span><\/p>\n\n<p><span style=\"font-size: 11pt;\">El\u0151kerestem a fekete-feh\u00e9r is t\u00e9rk\u00e9pet, ahol\npirossal bekarik\u00e1ztuk az \u00fati c\u00e9lunkat. \u00c1tny\u00fajtottam aty\u00e1mnak. <o:p><\/o:p><\/span><\/p>\n\n<p><span style=\"font-size: 11pt;\">-Aham, sz\u00f3val ez lesz a hossz\u00fa temet\u0151 \u2013 mutatott\na jobb k\u00e9z fel\u00e9 es\u0151 temet\u0151re, ami mellet elhaladtunk.<o:p><\/o:p><\/span><\/p>\n\n<p><span style=\"font-size: 11pt;\">-Innen kell balra lekanyarodni a Csit\u00e1ry\nligethez. Elm\u00e9letileg ott lesz a ny\u00edlt nap. \u00c9s m\u00e9g id\u0151ben is vagyunk \u2013 mondta\nel\u00e9gedetten.<o:p><\/o:p><\/span><\/p>\n\n<p><span style=\"font-size: 11pt;\">\u00d6t perccel k\u00e9s\u0151bb lekanyarodtunk egy kis\nutc\u00e1ba, ami egy liget mellett h\u00faz\u00f3dott. A parkol\u00f3ban m\u00e1r nem sok hely maradt,\nmi m\u00e9g is tal\u00e1ltunk. Ahogy kisz\u00e1lltam az aut\u00f3b\u00f3l, megcsapott a jeges febru\u00e1ri\nsz\u00e9l. Jobban \u00f6sszeh\u00faztam magamon a fekete pufi t\u00e9likab\u00e1tot \u00e9s az el\u0151ttem\nemelked\u0151 \u00e9p\u00fcletre tekintettem. A gyomrom egy pillanatra \u00f6sszeszorult.\nPiszkosfeh\u00e9r, a szocializmusb\u00f3l h\u00e1tra maradt \u00e9p\u00fclet volt. A barn\u00e1ra m\u00e1zolt\nbej\u00e1rat felett, nagy t\u00e1bla hirdette: <i style=\"\">KJF\nYBL<\/i> \u00e9p\u00fclet. Nagyot nyeltem. <o:p><\/o:p><\/span><\/p>\n\n<p><span style=\"font-size: 11pt;\">-Hol lesz\u00fcnk? \u2013 l\u00e9pett mell\u00e9m any\u00e1m.<o:p><\/o:p><\/span><\/p>\n\n<p><span style=\"font-size: 11pt;\">-A nagy el\u0151ad\u00f3ban \u2013 feleltem.<o:p><\/o:p><\/span><\/p>\n\n<p><span style=\"font-size: 11pt;\">-Akkor induljunk. Nehogy lek\u00e9ss\u00fcnk valamit.<o:p><\/o:p><\/span><\/p>\n\n<p><span style=\"font-size: 11pt;\">Er\u0151t kellet vennem magamon, hogy elinduljak. V\u00e9g\u00fcl\nap\u00e1m \u00e1t\u00f6lelte a v\u00e1llamat, a lend\u00fclet pedig mozg\u00e1sra k\u00e9sztetett. Bel\u00e9pt\u00fcnk a\nkapunk. Az illatok m\u00e1r kor\u00e1nt sem a szocializmusra eml\u00e9keztettek. Az\n\u00f6nkiszolg\u00e1l\u00f3 \u00e9tterem fel\u00f6l finom illatok sz\u00e1lltak, \u00e9s keveredtek a bent tolong\u00f3\nembert\u00f6meg parf\u00fcm, arcszesz \u00e9s cigaretta f\u00fcst egyveleg\u00e9vel. A sz\u00edvem zakatolt.\nA kiragasztott nyilakat k\u00f6vett\u00fck az nagy el\u0151ad\u00f3ig. Ahogy k\u00f6rben\u00e9ztem, az \u00e9p\u00fclet\nsokkal ink\u00e1bb eml\u00e9keztetett a r\u00e9gi \u00e1ltal\u00e1nos iskol\u00e1mra, mint komoly f\u0151iskol\u00e1ra.\nKicsinek t\u0171nt, kicsit rozog\u00e1nak, b\u00e1r a termeket nem l\u00e1ttam, az ajt\u00f3k ugyanis be\nvoltak z\u00e1rva. Hossz\u00fa \u00fcvegezett folyos\u00f3kon haladtunk, a falak ment\u00e9n nagy\nfeh\u00e9rre m\u00e1zolt radi\u00e1torok, el\u0151tt\u00fck alacsony padok sorakoztak, melyeket a\ntornatermekben szok\u00e1s l\u00e1tni. Akkor nyitott\u00e1k ki az el\u0151ad\u00f3 ajtaj\u00e1t, mikor\noda\u00e9rt\u00fcnk, a felgy\u00fclemlett t\u00f6meg pedig be\u00e1radt a nagy terembe. Mi magunk kis\nhelyet foglaltunk a h\u00e1romsz\u00e1z f\u00e9r\u0151helyes, frissen fel\u00faj\u00edtott helyis\u00e9gben. Ez\nm\u00e1r jobban eml\u00e9keztetett egy f\u0151iskola belsej\u00e9re. Az el\u0151ad\u00e1st egy apr\u00f3cska,\nt\u00f6mzsi, k\u00f6rszak\u00e1llas f\u00e9rfi tartotta, aki er\u0151sem eml\u00e9keztetett egy\nNeander-v\u00f6lgyi \u0151semberre, mint professzorra. Any\u00e1m szorgosan jegyzetelt, ebben\nm\u00e1r volt gyakorlata. J\u00f3 maga h\u00e1rom \u00e9lvi kopatta a soproni \u00f3v\u00f3n\u0151k\u00e9pz\u0151 f\u0151iskola\npadjait. Az el\u0151ad\u00e1s m\u00e1sf\u00e9l \u00f3r\u00e1n \u00e1t tartott, hogy konkr\u00e9tan mir\u0151l, azt nem\nszeretn\u00e9m r\u00e9szletezni. Volt benne n\u00e9mi k\u00e1b\u00edt\u00e1s \u00e9s m\u00e9zesmadzag, m\u00e1skor a puszta\nt\u00e9nyek vett\u00e9k \u00e1t a szerepet. Mint kider\u00fclt, a Neander-v\u00f6lgyi fick\u00f3, akit\nh\u00edvjunk Gy\u00e9-professzornak, a kommunik\u00e1ci\u00f3 \u00e9s m\u00e9diatudom\u00e1ny tansz\u00e9k vezet\u0151je\nvolt. A hangja kellemesen brummog\u00f3 volt, t\u00f6bbsz\u00f6r kaptam azon magam, hogy\nfelriadok a szenderg\u00e9sb\u0151l. Siralmas a helyzet, ha m\u00e1r ott majdnem elaludtam.\nRem\u00e9ltem, hogy \u0151 nem fog tan\u00edtani. Miut\u00e1n v\u00e9get \u00e9rt az el\u0151ad\u00e1s, alig v\u00e1rtam,\nhogy kiny\u00fajt\u00f3ztassam elmacsk\u00e1sodott tagjaimat. \u00dagy \u00e9reztem, hogy az ap\u00e1m\nhasonl\u00f3k\u00e9ppen volt ezzel a helyzettel. <o:p><\/o:p><\/span><\/p>\n\n<p><span style=\"font-size: 11pt;\">-M\u00e1sf\u00e9l \u00f3ra! Aty\u00e1m! A k\u00f6z\u00e9piskolai\nh\u00e1romnegyed \u00f3r\u00e1khoz k\u00e9pest\u2026 h\u00faz\u00f3s! \u00c9s ez eg\u00e9sz nap? \u2013 mondtam m\u00e1r kifel\u00e9\ns\u00e9t\u00e1lva az \u00e9p\u00fcletb\u0151l.<o:p><\/o:p><\/span><\/p>\n\n<p><span style=\"font-size: 11pt;\">-Bizony. Itt m\u00e1r sokkal komolyabban veszik a\ndolgokat \u2013 b\u00f3logatott any\u00e1m. \u2013 Nekem nagyon szimpatikus volt Gy\u00e9-professzor.\nNem k\u00f6nt\u00f6rfalazott.<o:p><\/o:p><\/span><\/p>\n\n<p><span style=\"font-size: 11pt;\">-Neme? \u2013 horkantott aty\u00e1m. \u2013 \u00c9s azaz\n\u00e1ll\u00edt\u00e1sa, hogy ezzel a diplom\u00e1val b\u00e1rhol, b\u00e1rmikor tal\u00e1lnak \u00e1ll\u00e1s az itt\nv\u00e9gzett hallgat\u00f3k? \u00c9n ezt nem \u00e1ll\u00edtan\u00e1m olyan biztosan.<o:p><\/o:p><\/span><\/p>\n\n<p><span style=\"font-size: 11pt;\">-J\u00f3, itt elk\u00e9pzelhet\u0151, hogy egy kicsit t\u00falzott.<o:p><\/o:p><\/span><\/p>\n\n<p><span style=\"font-size: 11pt;\">Igazs\u00e1g szerint megr\u00e9m\u00fcltem. B\u00e1r szimpatikus\nvolt az el\u0151ad\u00f3, \u00e9s amivel kecsegtettek benn\u00fcnket, val\u00f3ban h\u00edvogat\u00f3 volt. A\nv\u00e1ros is tetszett. De akkor is megr\u00e9m\u00fcltem. Amint kil\u00e9pt\u00fcnk az \u00e9p\u00fcletb\u0151l,\nmeg\u00e9reztem mekkora s\u00falya van a dolognak. Annak, hogy tov\u00e1bb tanulok. Azonnal\np\u00f6r\u00f6gni kezdett az \u00f6sszes fogasker\u00e9k a fejemben.<o:p><\/o:p><\/span><\/p>\n\n<p><i style=\"\"><span style=\"font-size: 11pt;\">-Biztos,\nhogy te ezt akarod? K\u00e9szen \u00e1llsz ekkora felel\u0151ss\u00e9get felv\u00e1llalni? Ennyit\nutazni? Mindezt teljes\u00edteni? Meg tudod csin\u00e1lni?<\/span><\/i><span style=\"font-size: 11pt;\"> <span style=\"\">&nbsp;<\/span>Nem tudtam a\nv\u00e1laszt. Fogalmam sem volt. A szob\u00e1mban \u00fclve, a suliban, a csal\u00e1dom k\u00f6r\u00e9ben\nk\u00f6nny\u0171 volt tervezgetni, \u00e1lmodozni, hogy majd milyen sokra vihetem, ha kezemben\na diplom\u00e1m, \u00e9s megny\u00edlik el\u0151ttem a vil\u00e1g. Ez viszont a kem\u00e9ny val\u00f3s\u00e1g volt.\nElmondt\u00e1k a k\u00f6vetelm\u00e9nyeket. \u00c9n pedig, aki eg\u00e9szen addig a csal\u00e1dja\nv\u00e9d\u0151burk\u00e1ban \u00e9lt, megrettentem.<o:p><\/o:p><\/span><\/p>\n\n<p><span style=\"font-size: 11pt;\">-Mit gondolsz? \u2013 k\u00e9rdezte v\u00e9g\u00fcl ap\u00e1m az utc\u00e1n\ns\u00e9t\u00e1lva. \u2013 Meg tudod csin\u00e1lni?<o:p><\/o:p><\/span><\/p>\n\n<p><span style=\"font-size: 11pt;\">-Nem tudom. Kicsit megijedtem \u2013 feleltem. \u00dagy\n\u00e9reztem, k\u00e1r k\u00f6nt\u00f6rfalazni. <o:p><\/o:p><\/span><\/p>\n\n<p><span style=\"font-size: 11pt;\">-N\u00e9zd Joyo. Mi \u00e1lljuk a k\u00f6lts\u00e9geket, a\ntand\u00edjat, a sz\u00e1ll\u00e1sodat, a k\u00f6lt\u0151p\u00e9nzt, de csak abban az esetben, ha szeretn\u00e9d,\nha teljes\u00edteni tudod. D\u00f6ntsd el. Sok kapu megny\u00edlna el\u0151tted, ha elv\u00e9gezn\u00e9d.<o:p><\/o:p><\/span><\/p>\n\n<p><span style=\"font-size: 11pt;\">Magamba mer\u00fcltem. Em\u00e9sztgettem a hallottakat,\na t\u00f6rt\u00e9nteket. Tudtam, hogy van m\u00e9g egy h\u00f3napom arra, hogy beadjam a\njelentkez\u00e9semet! <span style=\"\">&nbsp;<\/span><span style=\"\">&nbsp;<\/span><span style=\"\">&nbsp;<\/span><span style=\"\">&nbsp;<\/span><span style=\"\">&nbsp;<\/span><o:p><\/o:p><\/span><\/p>","type":"rich"}